{"id":692,"date":"2026-03-29T13:06:53","date_gmt":"2026-03-29T13:06:53","guid":{"rendered":"https:\/\/josworking.cz\/?page_id=692"},"modified":"2026-03-31T06:25:21","modified_gmt":"2026-03-31T06:25:21","slug":"historie-statku","status":"publish","type":"page","link":"https:\/\/josworking.cz\/?page_id=692","title":{"rendered":"Historie statku"},"content":{"rendered":"\t\t<div data-elementor-type=\"wp-page\" data-elementor-id=\"692\" class=\"elementor elementor-692\">\n\t\t\t\t<div class=\"elementor-element elementor-element-cbea544 e-flex e-con-boxed e-con e-parent\" data-id=\"cbea544\" data-element_type=\"container\">\n\t\t\t\t\t<div class=\"e-con-inner\">\n\t\t\t\t<div class=\"elementor-element elementor-element-76d68db2 elementor-widget elementor-widget-text-editor\" data-id=\"76d68db2\" data-element_type=\"widget\" data-widget_type=\"text-editor.default\">\n\t\t\t\t<div class=\"elementor-widget-container\">\n\t\t\t\t\t\t\t\t\t\n<p>P\u0159evzato z www.historiesuchdola.cz<\/p>\n\n<h4 id=\"suchdolsky-dvur-pozdeji-nazyvan-brandejsuv-statek\" class=\"wp-block-heading\">SUCHDOLSK\u00dd DV\u016eR\u00a0(pozd\u011bji naz\u00fdv\u00e1n Brandejs\u016fv statek)<\/h4>\n\n<p><strong>V minulosti nejv\u00fdznamn\u011bj\u0161\u00ed objekt v obci.<\/strong><\/p>\n\n<figure class=\"wp-block-image is-resized\"><img decoding=\"async\" class=\"wp-image-8932\" style=\"aspect-ratio: 1.6700348976509194; width: 350px; height: auto;\" src=\"https:\/\/historiesuchdola.cz\/wp-content\/uploads\/2021\/12\/9.jpg\" alt=\"\" \/>\n<figcaption class=\"wp-element-caption\">K<em>resba V\u00e1clava Puchty v suchdolsk\u00e9 kronice, 1956<\/em><\/figcaption>\n<\/figure>\n\n<p>Objekt je od 3.5.1958 pam\u00e1tkov\u011b chr\u00e1n\u011bn. 31.12.1978 zaps\u00e1n do st\u00e1tn\u00edho seznamu kulturn\u00edch pam\u00e1tek.\u00a0<em>(N\u00e1rodn\u00ed pam\u00e1tkov\u00fd \u00fastav)<\/em><\/p>\n<hr class=\"wp-block-separator has-alpha-channel-opacity\" \/>\n<h4 class=\"wp-block-heading\"><strong>950-970 n.l<\/strong>.\u2013<strong>pravd\u011bpodobn\u00e9 obdob\u00ed zalo\u017een\u00ed dvora.<\/strong><\/h4>\n\n<figure class=\"wp-block-image\"><img decoding=\"async\" class=\"wp-image-1209\" src=\"https:\/\/historiesuchdola.cz\/wp-content\/uploads\/2021\/07\/Bohm-Jaroslav-doc.jpg\" alt=\"\" \/><\/figure>\n\n<p>Akademik, doc. PhDr. Jaroslav B\u00f6hm (1901\u20131962), \u010desk\u00fd archeolog.<\/p>\n\n<p><em><strong>\u201eJe mo\u017eno bezpe\u010dn\u011b ur\u010dit, \u017ee dv\u016fr, jako j\u00e1dro pozd\u011bj\u0161\u00ed obce,<br \/>byl zalo\u017een v obdob\u00ed 950-970 n. l.\u201c<\/strong><\/em><\/p>\n<hr class=\"wp-block-separator has-alpha-channel-opacity\" \/>\n<p>Kdy a k\u00fdm zalo\u017een, nen\u00ed zn\u00e1mo.<br \/>V 10.stolet\u00ed n.l. byl ji\u017e dvorec v majetku P\u0159emyslovc\u016f.<\/p>\n\n<p><strong>1045-1426<\/strong><br \/>Majitel\u00e9 dvora\u2014<strong>Kl\u00e1\u0161ter panen benediktinek u sv. Ji\u0159\u00ed na Hrad\u010danech<\/strong>.<br \/>Kl\u00e1\u0161ter dv\u016fr mnohdy pronaj\u00edmal.<\/p>\n\n<h4 class=\"wp-block-heading\"><strong>Prvn\u00ed zm\u00ednky o dvorci<\/strong><\/h4>\n\n<p><strong>1226<\/strong>\u2014Soudn\u00ed z\u00e1pis, kde je zm\u00edn\u011bn sv\u011bdek\u00a0<strong>\u201etestis Radlaus Zuchidol\u201c<\/strong>.<br \/><strong>1227<\/strong>\u2014Listina Nejvy\u0161\u0161\u00edho soudu.<br \/>Kn\u011b\u017ena Ane\u017eka P\u0159emyslovna, dcera Vladislava II., byla v t\u00e9 dob\u011b abaty\u0161\u00ed svatoji\u0159sk\u00e9ho kl\u00e1\u0161tera.<br \/>Podala st\u00ed\u017enost k nejvy\u0161\u0161\u00edmu soudu na purkrab\u00edho v Lev\u00e9m Hradci \u2013 neopr\u00e1vn\u011bn\u00e9 zach\u00e1zen\u00ed s obyvateli vsi. Soud j\u00ed dal za pravdu.<\/p>\n\n<p>Obec tehdy zvan\u00e1\u00a0<strong>Suchi d\u00f3l.<\/strong><\/p>\n\n<h4 class=\"wp-block-heading\"><strong>Prvn\u00ed p\u00edsemn\u00e9 z\u00e1znamy<\/strong><\/h4>\n\n<p><strong>1233<\/strong>\u2014<strong>Pape\u017esk\u00fd dekret<\/strong><br \/>Pape\u017e \u0158eho\u0159 IX. potvrzuje svatoji\u0159sk\u00e9mu kl\u00e1\u0161teru v\u0161echny jeho statky v \u010cech\u00e1ch.<br \/>Zde je uveden i Suchdol jako\u00a0<strong>\u201eSuchidol\u201c<\/strong>.<\/p>\n\n<figure class=\"wp-block-image is-resized\"><a href=\"https:\/\/historiesuchdola.cz\/wp-content\/uploads\/2022\/08\/Gregory_IX-wikipedie.jpg\" target=\"_blank\" rel=\"noreferrer noopener\"><img decoding=\"async\" class=\"wp-image-14226\" style=\"aspect-ratio: 0.7949919918746826; width: 181px; height: auto;\" src=\"https:\/\/historiesuchdola.cz\/wp-content\/uploads\/2022\/08\/Gregory_IX-wikipedie.jpg\" alt=\"\" \/><\/a><\/figure>\n\n<p><strong>Pape\u017e \u0158eho\u0159 IX. v letech 1227-1241<\/strong>.<br \/><em>(Wikipedie)<\/em>.<\/p>\n\n<p><a href=\"https:\/\/www.spolek-historiesuchdola.cz\/wp-content\/uploads\/2022\/11\/5-B-scaled.jpg\" target=\"_blank\" rel=\"noreferrer noopener\">Pape\u017esk\u00fd dekret<\/a><br \/><a href=\"https:\/\/www.spolek-historiesuchdola.cz\/wp-content\/uploads\/2022\/11\/3-Rehor-IX-1233-detail.jpg\" target=\"_blank\" rel=\"noreferrer noopener\">Jm\u00e9no dvora\u2013detail<\/a><br \/><em>(Z panelu v\u00fdstavy Historie Brandejsova statku.)<\/em><\/p>\n\n<p><strong>1310-1346<\/strong><br \/>Pod\u00a0<strong>n\u00e1zvem Sukdol<\/strong>\u00a0 se obec uv\u00e1d\u00ed poprv\u00e9 v\u00a0dob\u011b Jana Lucembursk\u00e9ho.<\/p>\n\n<figure class=\"wp-block-image is-resized\"><a href=\"https:\/\/www.spolek-historiesuchdola.cz\/wp-content\/uploads\/2022\/11\/Jan_Lucembursky-scaled.jpg\" target=\"_blank\" rel=\"noreferrer noopener\"><img decoding=\"async\" class=\"wp-image-2497\" style=\"width: 200px; height: auto;\" src=\"https:\/\/www.spolek-historiesuchdola.cz\/wp-content\/uploads\/2022\/11\/Jan_Lucembursky-700x700.jpg\" alt=\"\" \/><\/a><\/figure>\n\n<p>Jan Lucembursk\u00fd<br \/>10. srpna 1296-26. srpna 1346<br \/>Doba vl\u00e1dy: 1310-1346<br \/>Foto Wikipedie<\/p>\n\n<p><strong>1405-1415<\/strong><br \/><strong>Tvrz u sukdolsk\u00e9ho dvora<\/strong><\/p>\n\n<p>Zm\u00ednka o majiteli tvrze\u2014<strong>Zden\u011bk z Ch\u00fdn\u011b.<\/strong><br \/>Doba trv\u00e1n\u00ed tvrze nen\u00ed zn\u00e1ma.<\/p>\n\n<p><strong>1421-1429<\/strong><br \/><strong>Dv\u016fr zab\u00edraj\u00ed Pra\u017ean\u00e9 (1421-1429)<\/strong>.<\/p>\n\n<figure class=\"wp-block-image is-resized\"><a href=\"https:\/\/www.spolek-historiesuchdola.cz\/wp-content\/uploads\/2022\/11\/kral-Zikmund.jpg\" target=\"_blank\" rel=\"noreferrer noopener\"><img decoding=\"async\" class=\"wp-image-2498\" style=\"aspect-ratio: 0.6659771504948605; width: 165px; height: auto;\" src=\"https:\/\/www.spolek-historiesuchdola.cz\/wp-content\/uploads\/2022\/11\/kral-Zikmund.jpg\" alt=\"\" \/><\/a>\n<figcaption class=\"wp-element-caption\">Foto Wikipedie<\/figcaption>\n<\/figure>\n\n<p>V roce 1420 kr\u00e1l Zikmund napad\u00e1 Prahu. Je pora\u017een.<br \/>Vztek si vyl\u00e9v\u00e1 na okol\u00ed, v\u010detn\u011b Sukdola. N\u00e1sleduje vypalov\u00e1n\u00ed, drancov\u00e1n\u00ed. Pra\u017ean\u00e9 osvobozuj\u00ed Sukdol.<br \/><br \/><strong>1429<\/strong><br \/>Kl\u00e1\u0161ter panen benediktinek u s. Ji\u0159\u00ed na Hrad\u010danech i p\u0159es svou snahu Sukdol ji\u017e nikdy nedostal zp\u011bt.<br \/><strong>Tak Sukdol p\u0159i\u0161el o svou kl\u00e1\u0161tern\u00ed vrchnost.<\/strong><\/p>\n\n<p>C\u00edsa\u0159 Zikmund d\u00e1v\u00e1 statek\u00a0<strong>Janu Keru\u0148kovi Jednook\u00e9mu z Lomu.<\/strong><\/p>\n\n<h4 id=\"dalsi-dilci-informace\" class=\"wp-block-heading\"><strong>Dal\u0161\u00ed d\u00edl\u010d\u00ed informace<\/strong><\/h4>\n\n<p><strong>1490-1505 a 1541-1545<\/strong><br \/>Majitel\u00e9\u00a0<strong>V\u00e1clav Budovec z Budova a d\u00e1le jeho rod<\/strong>.\u00a0\u00a0<\/p>\n\n<p><strong>1557<\/strong><br \/>Majitel dvora\u00a0<strong>Ctibor Sluzsk\u00fd z Chlumu<\/strong>.<br \/>Vznik\u00e1 renezan\u010dn\u00ed j\u00e1dro dne\u0161n\u00edho dvora, valen\u00e9, stla\u010den\u00e9 klenby.<br \/>V pat\u0159e se z tohoto j\u00e1dra zachoval \u00fasek zdiva s grafity.<\/p>\n\n<p>P\u0159ed t\u0159icetiletou v\u00e1lkou byl dv\u016fr tvo\u0159en samostatnou obytnou \u010d\u00e1st\u00ed tvaru U.<br \/>Z\u00e1padn\u00ed k\u0159\u00eddlo zab\u00edral z\u0159ejm\u011b u\u017e pivovar. Ten je ale spolehliv\u011b dolo\u017een od roku 1648.<\/p>\n\n<p><strong>1648<\/strong><br \/>Vyp\u00e1len\u00ed dvora \u0160v\u00e9dy.\u00a0\u00a0<\/p>\n\n<p><strong>1652-1675<\/strong><br \/>Pot\u00e9 statek kupuje kancl\u00e9\u0159\u00a0<strong>Jakub Roden<\/strong>\u00a0z Hirsenau a\u00a0<strong>pronaj\u00edm\u00e1 ho Danielu Oriesovi<\/strong>.<br \/>Ories statek velmi zvelebil. Zv\u011bt\u0161eno ji\u017en\u00ed k\u0159\u00eddlo a pivovar roz\u0161\u00ed\u0159en do severn\u00edho k\u0159\u00eddla.<\/p>\n\n<p><strong>1679-1932<\/strong><br \/><strong>Dv\u016fr p\u0159ech\u00e1z\u00ed do majetku benediktinsk\u00e9ho kl\u00e1\u0161tera v Emauz\u00edch.<\/strong><br \/><strong>Sukdol vlastn\u00ed op\u011bt kl\u00e1\u0161tern\u00ed vrchnost.<\/strong><\/p>\n\n<p><strong>1679<\/strong>\u2014v t\u00e9to dob\u011b je zde 11 st\u00e1l\u00fdch zam\u011bstnanc\u016f, bydl\u00edc\u00edch ve dvo\u0159e.<br \/>5 kon\u00ed, 30 ks hov\u011bz\u00edho dobytka, 276 ovc\u00ed, 58 prasat.<br \/>Z\u00e1me\u010dek je obyvateln\u00fd. V p\u0159\u00edzem\u00ed se provozuje men\u0161\u00ed pivovar.<\/p>\n\n<p id=\"pecetidla\">Dv\u016fr spravuje\u00a0<strong>spr\u00e1vce<\/strong>, jeho z\u00e1stupce je\u00a0<strong>\u0161af\u00e1\u0159<\/strong>.<br \/>\u00a0\u00a0\u00a0\u00a0V polovin\u011b 18.stolet\u00ed je zde spr\u00e1vcem Kri\u0161tov Singer.<br \/>\u00a0\u00a0\u00a0\u00a0V letech 1737-1777 je zde \u0161af\u00e1\u0159em Jan Zela.<br \/>\u00a0\u00a0\u00a0\u00a0Potom je \u0161af\u00e1\u0159em V\u00e1clav Klou\u017eek.<\/p>\n\n<figure class=\"wp-block-image\"><a href=\"https:\/\/historiesuchdola.cz\/wp-content\/uploads\/2022\/09\/P-4-7-upr-scaled.jpg\" target=\"_blank\" rel=\"noreferrer noopener\"><img decoding=\"async\" class=\"wp-image-14550\" src=\"https:\/\/historiesuchdola.cz\/wp-content\/uploads\/2022\/09\/P-4-7-upr-300x195.jpg\" alt=\"\" \/><\/a><\/figure>\n\n<p>Pe\u010detidla, kter\u00e1 pou\u017e\u00edval dv\u016fr pod dr\u017een\u00edm benediktin\u016f.<br \/><em>Z archivu kl\u00e1\u0161tera v Emauz\u00edch.<br \/>Pou\u017eito z v\u00fdstavy O suchdolsk\u00e9 kapli\u010dce (duben-kv\u011bten 2017).<\/em><\/p>\n\n<p><strong>1781<\/strong><br \/>Dv\u016fr posti\u017een velkou pr\u016ftr\u017e\u00ed mra\u010den.<br \/>Voda podemlela ze\u010f okolo dvora a v parku z\u00e1me\u010dku vytvo\u0159ila velk\u00e9 jezero.<br \/>Zde se utopily dv\u011b d\u011bv\u010d\u00e1tka rodin bydl\u00edc\u00edch ve dvo\u0159e.<br \/>Do zdi byla zasazena deska s popisem ud\u00e1losti. P\u0159i oprav\u011b zdi byla ale po\u0161kozena.<\/p>\n\n<p><strong>1815-1819<\/strong><br \/>Ve dvo\u0159e \u017eil opat emauzsk\u00e9ho kl\u00e1\u0161tera Leopold \u017dalda.<br \/>Byla pro n\u011bho z\u0159\u00edzena v z\u00e1me\u010dku dom\u00e1c\u00ed kaple.<br \/>Byl poh\u0159ben na m\u00edstn\u00edm h\u0159bitov\u011b (u kapli\u010dky) v roce 1819.<\/p>\n\n<p><strong>1822<\/strong><br \/><strong>Vypukl velk\u00fd po\u017e\u00e1r<\/strong>. Sho\u0159el ve\u0161ker\u00fd n\u00e1bytek a uho\u0159ely dv\u011b spr\u00e1vcovy dcery.<\/p>\n\n<p><strong>1822-1824<\/strong><br \/>Z\u00e1me\u010dek opraven. Nad st\u0159echou vystav\u011bna mal\u00e1 zvoni\u010dka.<br \/>Autorem t\u00e9to klasicistn\u00ed p\u0159estavby byl arch. Karel Pollak (1778-1850).<\/p>\n\n<p>\u00a0\u00a0\u00a0\u00a0V t\u00e9to dob\u011b byl \u0161af\u00e1\u0159em Mat\u011bj H\u00e1lek (majitel \u010d.p.4).<\/p>\n\n<p><strong>1830-1846<\/strong><br \/><strong>N\u00e1jemcem Jan Napravil.<\/strong>\u00a0Ten jej zvelebuje.<br \/>\u00a0\u00a0\u00a0Z\u0159izuje dva obchody, druhou hospodu ve Dvorsk\u00e9 ulici.<br \/>\u00a0\u00a0\u00a0Nechal postavit zvoni\u010dku.<\/p>\n\n<p><strong>1846-1866<\/strong><br \/>Jako majitel zde spr\u00e1vcuje op\u011bt kl\u00e1\u0161ter benediktin\u016f v Emauz\u00edch.<br \/>\u00a0\u00a0\u00a0V letech 1846-1859 dosazen jako spr\u00e1vce<strong>\u00a0Anton\u00edn Quadr\u00e1t<\/strong>.<br \/>\u00a0\u00a0\u00a0V roce 1859-1863 dosazen jako spr\u00e1vce\u00a0<strong>Leopold \u010c\u00ed\u017eek<\/strong>\u00a0(1859-1863 starostou).<br \/>\u00a0\u00a0\u00a0V letech 1863-1866 dosazen jako spr\u00e1vce\u00a0<strong>Jan Dubec<\/strong>.<br \/>\u00a0\u00a0\u00a0V roce 1863\u00a0<strong>zru\u0161en pivovar<\/strong>.<\/p>\n\n<p><strong>1866-1896<\/strong><br \/><strong>N\u00e1jemcem rodina Brandejs\u016f.<\/strong><br \/>1866-1874 Vil\u00e9m Brandejs<br \/>1874-1896 Alexandr Brandejs<\/p>\n\n<figure class=\"wp-block-image is-resized\"><a href=\"https:\/\/www.spolek-historiesuchdola.cz\/wp-content\/uploads\/2022\/11\/A.Brandejs-1874-F.Zenisek.jpg\" target=\"_blank\" rel=\"noreferrer noopener\"><img decoding=\"async\" class=\"wp-image-2507\" style=\"aspect-ratio: 0.7927483144874449; width: 244px; height: auto;\" src=\"https:\/\/www.spolek-historiesuchdola.cz\/wp-content\/uploads\/2022\/11\/A.Brandejs-1874-F.Zenisek-700x883.jpg\" alt=\"\" \/><\/a>\n<figcaption class=\"wp-element-caption\">Portr\u00e9t Alexandra Brandejse, 1874.<br \/><em>(Franti\u0161ek \u017den\u00ed\u0161ek)<\/em><br \/><a href=\"https:\/\/historiesuchdola.cz\/brandejs-alexandr\/\" target=\"_blank\" rel=\"noreferrer noopener\"><strong>Str\u00e1nky o Alexandrovi Brandejsovi<\/strong><\/a><\/figcaption>\n<\/figure>\n\n<p>Statek pozvedl na neb\u00fdvalou \u00farove\u0148. Velk\u00e9 p\u0159estavby, v pat\u0159e vznik\u00e1 s\u00fdpka, upraveno severn\u00ed k\u0159\u00eddlo.<br \/>V roce 1890 z\u0159izuje vlastn\u00ed kov\u00e1rnu.\u00a0<br \/>Byl ctitelem um\u011bn\u00ed.<\/p>\n\n<p><strong>1896-1909<\/strong><br \/>N\u00e1jemce\u00a0<strong>Josef Hanousek<\/strong>.<\/p>\n\n<p><strong>1910-1915<\/strong><br \/>N\u00e1jemce\u00a0<strong>Alois Kol\u00ednsk\u00fd.<\/strong>\u00a0Zem\u0159el v roce 1915.<\/p>\n\n<p><strong>1920-1923<\/strong><br \/>N\u00e1jemce\u00a0<strong>Alois Kol\u00ednsk\u00fd ml<\/strong>. Ten nebyl dobr\u00fdm hospod\u00e1\u0159em. Najal rusk\u00e9 zajatce.<br \/>Zkrachoval a musel odej\u00edt. Pracoval potom jako \u00fa\u0159edn\u00edk a \u017eil v Roztok\u00e1ch.<\/p>\n\n<p>P\u0159enechal veden\u00ed statku sv\u00e9mu spr\u00e1vci\u00a0<strong>Emilu Diamantovi<\/strong>\u00a0(m\u00edstn\u00ed obchodn\u00edk).<\/p>\n\n<p><strong>1923-1935<\/strong><br \/>N\u00e1jemce\u00a0<strong>Jan Lacina<\/strong>.<br \/>Opravil v\u0161echny budovy. Po\u010d\u00ednal si ale bezohledn\u011b, ve velk\u00e9m t\u011b\u017eil k\u00e1men z Koz\u00edch h\u0159bet\u016f. Musel b\u00fdt zastaven.<\/p>\n\n<p><strong>1932<\/strong><br \/>Benediktini sm\u011bnili suchdolsk\u00fd statek s rodinou Sou\u010dk\u016f, ale jejich dispozi\u010dn\u00ed pr\u00e1vo bylo omezeno Ob\u010danskou z\u00e1lo\u017enou.<\/p>\n\n<p><strong>1932-1939<\/strong><br \/>Majitel\u00a0<strong>V\u00e1clav Sou\u010dek<\/strong>.<br \/>Mochovsk\u00fd velkov\u00fdrobce lik\u00e9r\u016f a ko\u0159alek. Prod\u00e1v\u00e1 pozemky staviteli A. Vavrou\u0161ovi. Ten zahajuje v\u00fdstavbu V\u00fdhled.<\/p>\n\n<p><strong>11.10.1933<\/strong>\u00a0\u2013 Po\u017e\u00e1r dvou stodol pln\u00fdch obil\u00edm.<\/p>\n\n<figure class=\"wp-block-image is-resized\"><a href=\"https:\/\/historiesuchdola.cz\/wp-content\/uploads\/2021\/07\/pozar-ve-dvore-1933-sm-vod.jpg\" target=\"_blank\" rel=\"noreferrer noopener\"><img decoding=\"async\" class=\"wp-image-1216\" style=\"aspect-ratio: 1.3410063759092405; width: 316px; height: auto;\" src=\"https:\/\/historiesuchdola.cz\/wp-content\/uploads\/2021\/07\/pozar-ve-dvore-1933-sm-vod-700x522.jpg\" alt=\"\" \/><\/a>\n<figcaption class=\"wp-element-caption\"><em>(Foto poskytl L. La\u0161ka)<\/em><\/figcaption>\n<\/figure>\n\n<p><strong>1935-1939<\/strong><br \/>N\u00e1jemce\u00a0<strong>Karel Werba<\/strong>. Byl to N\u011bmec. P\u0159ed kv\u011btnovou revoluc\u00ed utekl.<\/p>\n\n<p><strong>1939-1941<\/strong><br \/>Majitel\u00a0<strong>Ob\u010dansk\u00e1 z\u00e1lo\u017ena v Pod\u011bbradech.<\/strong><\/p>\n\n<p><strong>1941-1945<\/strong><br \/>Majitel\u00a0<strong>Pra\u017esk\u00e1 obec.<\/strong><\/p>\n\n<p><strong>1945-1968<\/strong><br \/>Majitel\u00a0<strong>St\u00e1tn\u00ed statek Lichoceves<\/strong>. Budovy ch\u00e1traj\u00ed.<\/p>\n\n<p><strong>1968-dosud<\/strong><br \/><strong>Majitel hlavn\u00ed m\u011bsto Praha.<\/strong><br \/>\u00a0\u00a0\u00a01968-1994 Operativn\u00ed spr\u00e1vce<strong>\u00a0V\u0160Z, \u0161koln\u00ed statek L\u00e1ny<\/strong><br \/>\u00a0\u00a0\u00a0Od 1995 N\u00e1jemcem\u00a0<strong>\u010cesk\u00e1 zem\u011bd\u011blsk\u00e1 univerzita.<\/strong><\/p>\n\n<p><strong>Od roku 1978 statek pat\u0159\u00ed mezi kulturn\u00ed pam\u00e1tky.<\/strong><\/p>\n<hr class=\"wp-block-separator has-alpha-channel-opacity\" \/>\n<figure class=\"wp-block-image is-resized\"><a href=\"https:\/\/www.spolek-historiesuchdola.cz\/wp-content\/uploads\/2021\/07\/Historie-Brandejsova-statku.jpg\" target=\"_blank\" rel=\"noreferrer noopener\"><img decoding=\"async\" class=\"wp-image-1428\" style=\"aspect-ratio: 0.7074942869977929; width: 225px; height: auto;\" src=\"https:\/\/www.spolek-historiesuchdola.cz\/wp-content\/uploads\/2021\/07\/Historie-Brandejsova-statku.jpg\" alt=\"\" \/><\/a><\/figure>\n\n<h4 id=\"chronologicky-prehled-majitelu-najemcu-spravcu-dvora-najdete-v-knize\" class=\"wp-block-heading\"><strong>Chronologick\u00fd p\u0159ehled majitel\u016f, n\u00e1jemc\u016f, spr\u00e1vc\u016f dvora najdete v knize:<\/strong><\/h4>\n\n<p>HISTORIE BRANDEJSOVA STATKU V D\u011aJINN\u00ddCH SOUVISLOSTECH<br \/>\u00a9 Helena B\u00ednov\u00e1, Josef J\u00e1nsk\u00fd, Bohumil Sommer<br \/>Srpen 2020<\/p>\n\n<p><a href=\"https:\/\/bookla.cz\/eshop\/produkt\/historie-brandejsova-statku-v-dejinnych-souvislostech\" target=\"_blank\" rel=\"noreferrer noopener\">Knihu je mo\u017en\u00e9 zakoupit<\/a>\u00a0(E-shop knih Bookla).<\/p>\n<hr class=\"wp-block-separator has-alpha-channel-opacity\" \/>\n<p><strong>ZDROJE:<\/strong><br \/>P\u0159evzato z www.historiesuchdola.cz<\/p>\n<hr class=\"wp-block-separator has-alpha-channel-opacity\" \/>\n<p>Zpracoval: J. J\u00e1nsk\u00fd, aktualizace 4\/2023<\/p>\n\t\t\t\t\t\t\t\t<\/div>\n\t\t\t\t<\/div>\n\t\t\t\t\t<\/div>\n\t\t\t\t<\/div>\n\t\t\t\t<\/div>\n\t\t","protected":false},"excerpt":{"rendered":"<p>P\u0159evzato z www.historiesuchdola.cz SUCHDOLSK\u00dd DV\u016eR\u00a0(pozd\u011bji naz\u00fdv\u00e1n Brandejs\u016fv statek) V minulosti nejv\u00fdznamn\u011bj\u0161\u00ed objekt v obci. Objekt je od 3.5.1958 pam\u00e1tkov\u011b chr\u00e1n\u011bn. [&hellip;]<\/p>\n","protected":false},"author":1,"featured_media":0,"parent":0,"menu_order":0,"comment_status":"closed","ping_status":"closed","template":"","meta":{"site-sidebar-layout":"default","site-content-layout":"","ast-site-content-layout":"default","site-content-style":"default","site-sidebar-style":"default","ast-global-header-display":"","ast-banner-title-visibility":"","ast-main-header-display":"","ast-hfb-above-header-display":"","ast-hfb-below-header-display":"","ast-hfb-mobile-header-display":"","site-post-title":"","ast-breadcrumbs-content":"","ast-featured-img":"","footer-sml-layout":"","ast-disable-related-posts":"","theme-transparent-header-meta":"","adv-header-id-meta":"","stick-header-meta":"","header-above-stick-meta":"","header-main-stick-meta":"","header-below-stick-meta":"","astra-migrate-meta-layouts":"default","ast-page-background-enabled":"default","ast-page-background-meta":{"desktop":{"background-color":"var(--ast-global-color-5)","background-image":"","background-repeat":"repeat","background-position":"center center","background-size":"auto","background-attachment":"scroll","background-type":"","background-media":"","overlay-type":"","overlay-color":"","overlay-opacity":"","overlay-gradient":""},"tablet":{"background-color":"","background-image":"","background-repeat":"repeat","background-position":"center center","background-size":"auto","background-attachment":"scroll","background-type":"","background-media":"","overlay-type":"","overlay-color":"","overlay-opacity":"","overlay-gradient":""},"mobile":{"background-color":"","background-image":"","background-repeat":"repeat","background-position":"center center","background-size":"auto","background-attachment":"scroll","background-type":"","background-media":"","overlay-type":"","overlay-color":"","overlay-opacity":"","overlay-gradient":""}},"ast-content-background-meta":{"desktop":{"background-color":"var(--ast-global-color-4)","background-image":"","background-repeat":"repeat","background-position":"center center","background-size":"auto","background-attachment":"scroll","background-type":"","background-media":"","overlay-type":"","overlay-color":"","overlay-opacity":"","overlay-gradient":""},"tablet":{"background-color":"var(--ast-global-color-4)","background-image":"","background-repeat":"repeat","background-position":"center center","background-size":"auto","background-attachment":"scroll","background-type":"","background-media":"","overlay-type":"","overlay-color":"","overlay-opacity":"","overlay-gradient":""},"mobile":{"background-color":"var(--ast-global-color-4)","background-image":"","background-repeat":"repeat","background-position":"center center","background-size":"auto","background-attachment":"scroll","background-type":"","background-media":"","overlay-type":"","overlay-color":"","overlay-opacity":"","overlay-gradient":""}},"footnotes":""},"class_list":["post-692","page","type-page","status-publish","hentry"],"_links":{"self":[{"href":"https:\/\/josworking.cz\/index.php?rest_route=\/wp\/v2\/pages\/692","targetHints":{"allow":["GET"]}}],"collection":[{"href":"https:\/\/josworking.cz\/index.php?rest_route=\/wp\/v2\/pages"}],"about":[{"href":"https:\/\/josworking.cz\/index.php?rest_route=\/wp\/v2\/types\/page"}],"author":[{"embeddable":true,"href":"https:\/\/josworking.cz\/index.php?rest_route=\/wp\/v2\/users\/1"}],"replies":[{"embeddable":true,"href":"https:\/\/josworking.cz\/index.php?rest_route=%2Fwp%2Fv2%2Fcomments&post=692"}],"version-history":[{"count":5,"href":"https:\/\/josworking.cz\/index.php?rest_route=\/wp\/v2\/pages\/692\/revisions"}],"predecessor-version":[{"id":776,"href":"https:\/\/josworking.cz\/index.php?rest_route=\/wp\/v2\/pages\/692\/revisions\/776"}],"wp:attachment":[{"href":"https:\/\/josworking.cz\/index.php?rest_route=%2Fwp%2Fv2%2Fmedia&parent=692"}],"curies":[{"name":"wp","href":"https:\/\/api.w.org\/{rel}","templated":true}]}}